{"id":42,"date":"2021-09-27T08:12:25","date_gmt":"2021-09-27T08:12:25","guid":{"rendered":"https:\/\/avush.com\/?page_id=42"},"modified":"2026-01-01T13:48:14","modified_gmt":"2026-01-01T12:48:14","slug":"avush","status":"publish","type":"page","link":"https:\/\/avush.com\/sv\/","title":{"rendered":"Avush"},"content":{"rendered":"<div class=\"wp-block-cover alignfull is-light has-custom-content-position is-position-bottom-center\" style=\"min-height:385px;aspect-ratio:unset;\" id=\"1\"><video class=\"wp-block-cover__video-background intrinsic-ignore\" autoplay muted loop playsinline src=\"https:\/\/avush.com\/wp-content\/uploads\/2023\/05\/Liviol.mp4\" data-object-fit=\"cover\"><\/video><span aria-hidden=\"true\" class=\"wp-block-cover__background has-ast-global-color-8-background-color has-background-dim-30 has-background-dim\"><\/span><div class=\"wp-block-cover__inner-container is-layout-flow wp-block-cover-is-layout-flow\">\n<h1 class=\"wp-block-heading alignwide has-text-align-center has-ast-global-color-5-color has-text-color\" id=\"2\">Serum mot Pigmentfl\u00e4ckar <br>&amp; \u00c5ldersfl\u00e4ckar<\/h1>\n\n\n\n<hr class=\"wp-block-separator has-text-color has-ast-global-color-5-color has-alpha-channel-opacity has-ast-global-color-5-background-color has-background aligncenter\"\/>\n\n\n\n<p class=\"has-text-align-center has-ast-global-color-5-color has-text-color\" id=\"3\">Utan hormoner. F\u00f6r kvinnor och m\u00e4n.<\/p>\n<\/div><\/div>\n\n\n\n<figure class=\"wp-block-image aligncenter size-full is-resized\"><img loading=\"lazy\" decoding=\"async\" width=\"941\" height=\"83\" src=\"http:\/\/lazran.com\/wp-content\/uploads\/2021\/09\/Lo-2.jpg\" alt=\"\" class=\"wp-image-43\" style=\"width:471px;height:undefinedpx\" srcset=\"https:\/\/avush.com\/wp-content\/uploads\/2021\/09\/Lo-2.jpg 941w, https:\/\/avush.com\/wp-content\/uploads\/2021\/09\/Lo-2-300x26.jpg 300w, https:\/\/avush.com\/wp-content\/uploads\/2021\/09\/Lo-2-768x68.jpg 768w, https:\/\/avush.com\/wp-content\/uploads\/2021\/09\/Lo-2-600x53.jpg 600w\" sizes=\"auto, (max-width: 941px) 100vw, 941px\" \/><\/figure>\n\n\n\n<div class=\"inherit-container-width wp-block-group alignfull has-background is-layout-constrained wp-block-group-is-layout-constrained\" style=\"background-color:#f9f9f9\"><div class=\"wp-block-group__inner-container\">\n<div style=\"height:20px\" aria-hidden=\"true\" class=\"wp-block-spacer\"><\/div>\n\n\n\n<h2 class=\"wp-block-heading has-text-align-center\" id=\"block-f1710d1b-62ca-410a-868f-9c0801d118f6\">Ta bort Pigmentfl\u00e4ckar &amp;<br>Ta bort \u00c5ldersfl\u00e4ckar<\/h2>\n\n\n\n<figure class=\"wp-block-image aligncenter size-full is-resized\"><img loading=\"lazy\" decoding=\"async\" width=\"1024\" height=\"614\" src=\"https:\/\/avush.com\/wp-content\/uploads\/2023\/07\/Avush.jpg\" alt=\"Avush\" class=\"wp-image-375\" style=\"width:512px;height:undefinedpx\" srcset=\"https:\/\/avush.com\/wp-content\/uploads\/2023\/07\/Avush.jpg 1024w, https:\/\/avush.com\/wp-content\/uploads\/2023\/07\/Avush-300x180.jpg 300w, https:\/\/avush.com\/wp-content\/uploads\/2023\/07\/Avush-768x461.jpg 768w, https:\/\/avush.com\/wp-content\/uploads\/2023\/07\/Avush-600x360.jpg 600w\" sizes=\"auto, (max-width: 1024px) 100vw, 1024px\" \/><\/figure>\n\n\n\n<p class=\"has-text-align-center\">Serum mot Pigmentfl\u00e4ckar &amp; \u00c5ldersfl\u00e4ckar f\u00f6r ansikte och kropp - utan hydrokinon och kojisyra<\/p>\n\n\n\n<div class=\"wp-block-buttons is-horizontal is-content-justification-center is-layout-flex wp-container-core-buttons-is-layout-ecd33c62 wp-block-buttons-is-layout-flex\">\n<div class=\"wp-block-button\"><a class=\"wp-block-button__link has-white-background-color has-text-color has-background wp-element-button\" href=\"https:\/\/avush.com\/sv\/produkter\/\" style=\"color:#3168f3\">K\u00f6p &gt;<\/a><\/div>\n<\/div>\n\n\n\n<div style=\"height:14px\" aria-hidden=\"true\" class=\"wp-block-spacer\"><\/div>\n<\/div><\/div>\n\n\n\n<div style=\"height:47px\" aria-hidden=\"true\" class=\"wp-block-spacer\"><\/div>\n\n\n\n<figure class=\"wp-block-image aligncenter size-large is-resized has-custom-border\"><a href=\"https:\/\/avush.com\/wp-content\/uploads\/2023\/10\/Testsieger.jpg\"><img loading=\"lazy\" decoding=\"async\" width=\"1024\" height=\"610\" src=\"https:\/\/avush.com\/wp-content\/uploads\/2023\/10\/Testsieger.jpg\" alt=\"Avush-test\" class=\"wp-image-1012\" style=\"border-style:none;border-width:0px;border-radius:0px;aspect-ratio:1.678688524590164;width:201px;height:auto\" srcset=\"https:\/\/avush.com\/wp-content\/uploads\/2023\/10\/Testsieger.jpg 1249w, https:\/\/avush.com\/wp-content\/uploads\/2023\/10\/Testsieger-300x179.jpg 300w, https:\/\/avush.com\/wp-content\/uploads\/2023\/10\/Testsieger-1024x610.jpg 1024w, https:\/\/avush.com\/wp-content\/uploads\/2023\/10\/Testsieger-768x457.jpg 768w, https:\/\/avush.com\/wp-content\/uploads\/2023\/10\/Testsieger-18x12.jpg 18w, https:\/\/avush.com\/wp-content\/uploads\/2023\/10\/Testsieger-600x357.jpg 600w\" sizes=\"auto, (max-width: 1024px) 100vw, 1024px\" \/><\/a><\/figure>\n\n\n\n<p class=\"has-text-align-center\" style=\"margin-top:1rem;margin-bottom:1rem\">Betygsatt med h\u00f6gsta betyg av Dermatest i Tyskland i det dermatologiska testet.<\/p>\n\n\n\n<div style=\"height:85px\" aria-hidden=\"true\" class=\"wp-block-spacer\"><\/div>\n\n\n\n<h2 class=\"wp-block-heading has-text-align-center\">Test med Serum mot Pigmentfl\u00e4ckar<\/h2>\n\n\n\n<p class=\"has-text-align-center\">\u00ae2026 Top 10 | ARBUTI - Avush 1:a plats<\/p>\n\n\n\n<figure class=\"wp-block-image aligncenter size-full is-resized\"><img loading=\"lazy\" decoding=\"async\" width=\"850\" height=\"634\" src=\"https:\/\/avush.com\/wp-content\/uploads\/2023\/06\/Liviol-1.jpg\" alt=\"\u00c5ldersfl\u00e4ckar\" class=\"wp-image-217\" style=\"width:456px;height:undefinedpx\" srcset=\"https:\/\/avush.com\/wp-content\/uploads\/2023\/06\/Liviol-1.jpg 850w, https:\/\/avush.com\/wp-content\/uploads\/2023\/06\/Liviol-1-300x224.jpg 300w, https:\/\/avush.com\/wp-content\/uploads\/2023\/06\/Liviol-1-768x573.jpg 768w, https:\/\/avush.com\/wp-content\/uploads\/2023\/06\/Liviol-1-600x448.jpg 600w\" sizes=\"auto, (max-width: 850px) 100vw, 850px\" \/><\/figure>\n\n\n\n<figure class=\"wp-block-image aligncenter size-full is-resized\"><img loading=\"lazy\" decoding=\"async\" width=\"818\" height=\"818\" src=\"https:\/\/avush.com\/wp-content\/uploads\/2023\/06\/Test-Liviol.jpg\" alt=\"Test-Avush\" class=\"wp-image-219\" style=\"width:65px;height:65px\" srcset=\"https:\/\/avush.com\/wp-content\/uploads\/2023\/06\/Test-Liviol.jpg 818w, https:\/\/avush.com\/wp-content\/uploads\/2023\/06\/Test-Liviol-300x300.jpg 300w, https:\/\/avush.com\/wp-content\/uploads\/2023\/06\/Test-Liviol-150x150.jpg 150w, https:\/\/avush.com\/wp-content\/uploads\/2023\/06\/Test-Liviol-768x768.jpg 768w, https:\/\/avush.com\/wp-content\/uploads\/2023\/06\/Test-Liviol-600x600.jpg 600w, https:\/\/avush.com\/wp-content\/uploads\/2023\/06\/Test-Liviol-100x100.jpg 100w\" sizes=\"auto, (max-width: 818px) 100vw, 818px\" \/><\/figure>\n\n\n\n<p class=\"has-text-align-center\">Den renommerade k\u00e4ndissalongen Arbuti, som redan \u00e4r k\u00e4nd bland stj\u00e4rnor som Rihanna, har utsett Avush till vinnare i testet av serum mot pigmentfl\u00e4ckar 2026.<\/p>\n\n\n\n<div style=\"height:67px\" aria-hidden=\"true\" class=\"wp-block-spacer\"><\/div>\n\n\n\n<div style=\"height:35px\" aria-hidden=\"true\" class=\"wp-block-spacer\"><\/div>\n\n\n\n<div class=\"inherit-container-width wp-block-group alignfull has-background is-layout-constrained wp-block-group-is-layout-constrained\" style=\"background-color:#f9f9f9\"><div class=\"wp-block-group__inner-container\">\n<div style=\"height:35px\" aria-hidden=\"true\" class=\"wp-block-spacer\"><\/div>\n\n\n\n<h2 class=\"wp-block-heading has-text-align-center\">Erfarenhet<\/h2>\n\n\n\n<p class=\"has-text-align-center\">Kraften i v\u00e5ra produkter: Framg\u00e5ngshistorier fr\u00e5n v\u00e5ra kunder.<\/p>\n\n\n\n<figure class=\"wp-block-gallery has-nested-images columns-default is-cropped wp-block-gallery-1 is-layout-flex wp-block-gallery-is-layout-flex\">\n<figure class=\"wp-block-image size-large\"><img loading=\"lazy\" decoding=\"async\" width=\"1024\" height=\"950\" data-id=\"619\" src=\"https:\/\/avush.com\/wp-content\/uploads\/2023\/08\/Avush-07-1024x950.jpg\" alt=\"Avush\" class=\"wp-image-619\" srcset=\"https:\/\/avush.com\/wp-content\/uploads\/2023\/08\/Avush-07-1024x950.jpg 1024w, https:\/\/avush.com\/wp-content\/uploads\/2023\/08\/Avush-07-300x278.jpg 300w, https:\/\/avush.com\/wp-content\/uploads\/2023\/08\/Avush-07-768x713.jpg 768w, https:\/\/avush.com\/wp-content\/uploads\/2023\/08\/Avush-07-1536x1425.jpg 1536w, https:\/\/avush.com\/wp-content\/uploads\/2023\/08\/Avush-07-13x12.jpg 13w, https:\/\/avush.com\/wp-content\/uploads\/2023\/08\/Avush-07-600x557.jpg 600w, https:\/\/avush.com\/wp-content\/uploads\/2023\/08\/Avush-07.jpg 1647w\" sizes=\"auto, (max-width: 1024px) 100vw, 1024px\" \/><\/figure>\n\n\n\n<figure class=\"wp-block-image size-large\"><img loading=\"lazy\" decoding=\"async\" width=\"1024\" height=\"950\" data-id=\"623\" src=\"https:\/\/avush.com\/wp-content\/uploads\/2023\/08\/Avush-04-1-1024x950.jpg\" alt=\"\u00c5ldersfl\u00e4ckar\" class=\"wp-image-623\" srcset=\"https:\/\/avush.com\/wp-content\/uploads\/2023\/08\/Avush-04-1-1024x950.jpg 1024w, https:\/\/avush.com\/wp-content\/uploads\/2023\/08\/Avush-04-1-300x278.jpg 300w, https:\/\/avush.com\/wp-content\/uploads\/2023\/08\/Avush-04-1-768x713.jpg 768w, https:\/\/avush.com\/wp-content\/uploads\/2023\/08\/Avush-04-1-1536x1425.jpg 1536w, https:\/\/avush.com\/wp-content\/uploads\/2023\/08\/Avush-04-1-13x12.jpg 13w, https:\/\/avush.com\/wp-content\/uploads\/2023\/08\/Avush-04-1-600x557.jpg 600w, https:\/\/avush.com\/wp-content\/uploads\/2023\/08\/Avush-04-1.jpg 1647w\" sizes=\"auto, (max-width: 1024px) 100vw, 1024px\" \/><\/figure>\n\n\n\n<figure class=\"wp-block-image size-large\"><img loading=\"lazy\" decoding=\"async\" width=\"1024\" height=\"950\" data-id=\"621\" src=\"https:\/\/avush.com\/wp-content\/uploads\/2023\/08\/Avush-01-1024x950.jpg\" alt=\"Pigmentfl\u00e4ckar\" class=\"wp-image-621\" srcset=\"https:\/\/avush.com\/wp-content\/uploads\/2023\/08\/Avush-01-1024x950.jpg 1024w, https:\/\/avush.com\/wp-content\/uploads\/2023\/08\/Avush-01-300x278.jpg 300w, https:\/\/avush.com\/wp-content\/uploads\/2023\/08\/Avush-01-768x713.jpg 768w, https:\/\/avush.com\/wp-content\/uploads\/2023\/08\/Avush-01-1536x1425.jpg 1536w, https:\/\/avush.com\/wp-content\/uploads\/2023\/08\/Avush-01-13x12.jpg 13w, https:\/\/avush.com\/wp-content\/uploads\/2023\/08\/Avush-01-600x557.jpg 600w, https:\/\/avush.com\/wp-content\/uploads\/2023\/08\/Avush-01.jpg 1647w\" sizes=\"auto, (max-width: 1024px) 100vw, 1024px\" \/><\/figure>\n<\/figure>\n\n\n\n<p class=\"has-text-align-center has-text-color\" style=\"color:#319da9\"><a href=\"https:\/\/avush.com\/sv\/upplevelser\/\">Fler bilder &gt;<\/a><\/p>\n<\/div><\/div>\n\n\n\n<div style=\"height:95px\" aria-hidden=\"true\" class=\"wp-block-spacer\"><\/div>\n\n\n\n<h2 class=\"wp-block-heading has-text-align-center\">Avush Erfarenhet<\/h2>\n\n\n\n<section class=\"wp-block-uagb-columns uagb-columns__wrap uagb-columns__background-none uagb-columns__stack-mobile uagb-columns__valign- uagb-columns__gap-10 alignfull uagb-block-c214be20 uagb-columns__columns-2 uagb-columns__max_width-theme\"><div class=\"uagb-columns__overlay\"><\/div><div class=\"uagb-columns__inner-wrap uagb-columns__columns-2\">\n<div class=\"wp-block-uagb-column uagb-column__wrap uagb-column__background-undefined uagb-block-b31d9847\"><div class=\"uagb-column__overlay\"><\/div>\n<figure class=\"wp-block-image aligncenter size-large is-resized is-style-rounded\"><img decoding=\"async\" src=\"https:\/\/avush.com\/wp-content\/uploads\/2023\/05\/Neshio.jpg\" alt=\"Avush-test\" class=\"wp-image-233\" style=\"width:188px;height:188px\"\/><\/figure>\n\n\n\n<p class=\"has-text-align-center\"><strong>NESHIO<\/strong><br>Tidskrift<\/p>\n\n\n\n<h3 class=\"wp-block-heading has-text-align-center has-text-color\" style=\"color:#54abae\">\"Vi \u00e4r \u00f6verlyckliga\"<\/h3>\n\n\n\n<p class=\"has-text-align-center\"><em>\"Avush Serum har gjort oss glada: Tillsammans med experter fr\u00e5n kosmetikaindustrin har vi funnit att detta serum g\u00f6r en betydande skillnad.\"<\/em><\/p>\n<\/div>\n\n\n\n<div class=\"wp-block-uagb-column uagb-column__wrap uagb-column__background-undefined uagb-block-5446ec85\"><div class=\"uagb-column__overlay\"><\/div>\n<figure class=\"wp-block-image aligncenter size-large is-resized is-style-rounded\"><img decoding=\"async\" src=\"https:\/\/laduti.de\/wp-content\/uploads\/2021\/03\/Haarwuchsmittel-Test-e1618426854918.jpg\" alt=\"Avush Erfarenheter\" class=\"wp-image-234\" style=\"width:188px;height:188px\"\/><\/figure>\n\n\n\n<p class=\"has-text-align-center\"><strong>Ebru Mercanoglu<\/strong><br>Stylist f\u00f6r k\u00e4ndisar \/ ARBUTI<\/p>\n\n\n\n<h3 class=\"wp-block-heading has-text-align-center has-text-color\" style=\"color:#54abae\">\"En rekommendation till mina kunder\"<\/h3>\n\n\n\n<p class=\"has-text-align-center\"><em>\"Jag \u00e4r mycket n\u00f6jd med Avush Serum mot Pigmentfl\u00e4ckar. Mina kunder och jag ser snabbt synliga f\u00f6rb\u00e4ttringar av pigmentfl\u00e4ckar.\"<\/em><\/p>\n<\/div>\n<\/div><\/section>\n\n\n\n<div style=\"height:46px\" aria-hidden=\"true\" class=\"wp-block-spacer\"><\/div>\n\n\n\n<div class=\"wp-block-cover alignfull\" style=\"min-height:489px;aspect-ratio:unset;\"><span aria-hidden=\"true\" class=\"wp-block-cover__background has-background-dim-100 has-background-dim\" style=\"background-color:#3168f3\"><\/span><div class=\"wp-block-cover__inner-container is-layout-flow wp-block-cover-is-layout-flow\">\n<h2 class=\"wp-block-heading has-text-align-center has-white-color has-text-color\"> Ta bort Pigmentfl\u00e4ckar &amp; \u00c5ldersfl\u00e4ckar!<\/h2>\n\n\n\n<p class=\"has-text-align-center has-white-color has-text-color\">F\u00f6r kvinnor och m\u00e4n <br>Leveranstid: 3-4 dagar<\/p>\n\n\n\n<div class=\"wp-block-buttons is-horizontal is-content-justification-center is-layout-flex wp-container-core-buttons-is-layout-03627597 wp-block-buttons-is-layout-flex\">\n<div class=\"wp-block-button\"><a class=\"wp-block-button__link has-white-background-color has-text-color has-background wp-element-button\" href=\"https:\/\/avush.com\/sv\/produkter\/\" style=\"color:#3168f3\">K\u00f6p &gt;<\/a><\/div>\n<\/div>\n<\/div><\/div>\n\n\n\n<div style=\"height:40px\" aria-hidden=\"true\" class=\"wp-block-spacer\"><\/div>\n\n\n\n<h2 class=\"wp-block-heading\">Avush: Serum mot Pigmentfl\u00e4ckar, s\u00e5som \u00c5ldersfl\u00e4ckar, Hudfl\u00e4ckar, Solfl\u00e4ckar med mera. <\/h2>\n\n\n\n<p>Avush har utvecklats som en l\u00f6sning f\u00f6r olika typer av hyperpigmentering. Den \u00e4r l\u00e4mplig f\u00f6r behandling av pigmentfl\u00e4ckar som \u00e5ldersfl\u00e4ckar, solfl\u00e4ckar, caf\u00e9-au-lait-fl\u00e4ckar och m\u00e5nga andra hudfl\u00e4ckar. Den \u00e4r ocks\u00e5 l\u00e4mplig f\u00f6r missf\u00e4rgningar av huden som kan orsakas av hormonella f\u00f6r\u00e4ndringar eller \u00e4rrv\u00e4vnad. Oavsett om det g\u00e4ller hudfl\u00e4ckar i ansiktet eller p\u00e5 kroppen erbjuder Avush en helt\u00e4ckande l\u00f6sning f\u00f6r m\u00e5linriktad reduktion av pigmentfl\u00e4ckar.<\/p>\n\n\n\n<figure class=\"wp-block-image size-large is-resized\"><img loading=\"lazy\" decoding=\"async\" width=\"1024\" height=\"461\" src=\"https:\/\/avush.com\/wp-content\/uploads\/2023\/06\/Altersflecken-1-1024x461.jpg\" alt=\"\u00c5ldersfl\u00e4ckar\" class=\"wp-image-341\" style=\"width:1000px;height:undefinedpx\" srcset=\"https:\/\/avush.com\/wp-content\/uploads\/2023\/06\/Altersflecken-1-1024x461.jpg 1024w, https:\/\/avush.com\/wp-content\/uploads\/2023\/06\/Altersflecken-1-300x135.jpg 300w, https:\/\/avush.com\/wp-content\/uploads\/2023\/06\/Altersflecken-1-768x346.jpg 768w, https:\/\/avush.com\/wp-content\/uploads\/2023\/06\/Altersflecken-1-1536x691.jpg 1536w, https:\/\/avush.com\/wp-content\/uploads\/2023\/06\/Altersflecken-1-600x270.jpg 600w, https:\/\/avush.com\/wp-content\/uploads\/2023\/06\/Altersflecken-1.jpg 2000w\" sizes=\"auto, (max-width: 1024px) 100vw, 1024px\" \/><\/figure>\n\n\n\n<h2 class=\"wp-block-heading\">Ta bort Pigmentfl\u00e4ckar med Avush<\/h2>\n\n\n\n<p class=\"has-text-color\" style=\"color:#4d617e\"><strong>Unikt set med Serum och Tonic:<\/strong> Uppt\u00e4ck v\u00e5r exklusiva produkt som \u00e4r speciellt framtagen f\u00f6r att ta bort pigmentering och \u00e5ldersfl\u00e4ckar. V\u00e5ra formuleringar bygger p\u00e5 vetenskapligt baserade ingredienser som har kombinerats noggrant f\u00f6r att ge maximal effekt. Viktiga aktiva ingredienser i Avush Serum:<\/p>\n\n\n\n<p><strong>Alfa-arbutin 5%:<\/strong> Ett naturligt ljusmedel som \u00e4r k\u00e4nt f\u00f6r att minska melaninproduktionen, som \u00e4r ansvarig f\u00f6r pigmentering och \u00e5ldersfl\u00e4ckar. En studie av Choi et al (2002) visade att alfa-arbutin minskade pigmenteringen med 43,5%. Serumet Avush inneh\u00e5ller en kraftfull formulering med 5% alfa-arbutin f\u00f6r att uppn\u00e5 maximala resultat.<\/p>\n\n\n\n<p><strong>Extrakt av lakritsrot:<\/strong> Detta naturliga extrakt \u00e4r k\u00e4nt f\u00f6r sina ljusgivande egenskaper. Det inneh\u00e5ller glabridin, en f\u00f6rening som h\u00e4mmar aktiviteten hos tyrosinas, ett nyckelenzym i melaninproduktionen.<\/p>\n\n\n\n<p><strong>Skin Moon\u2122:<\/strong> V\u00e5rt Serum inneh\u00e5ller SkinMoon-formeln, som best\u00e5r av de naturliga ingredienserna blodapelsin, olivblad, kaprisbuske och svart ris. I kliniska studier har Skin Moon\u2122 visat sig ha en betydligt starkare uppljusande effekt j\u00e4mf\u00f6rt med hydrokinon och kojic acid (Bionap).<\/p>\n\n\n\n<p><strong>Sandlilja:<\/strong> Sandlilja kan bidra till att minska bildandet och nedbrytningen av melanin. Kliniska studier har visat att den \u00e4r effektiv n\u00e4r det g\u00e4ller att minska pigmentfl\u00e4ckar. J\u00e4mf\u00f6rt med andra aktiva ingredienser som kojinsyra och arbutin har sandlilja betydligt b\u00e4ttre effekt vid behandling av pigmentfl\u00e4ckar (CODIF).<\/p>\n\n\n\n<p><strong>C-vitamin och niacinamid:<\/strong> C-vitamin \u00e4r k\u00e4nt f\u00f6r sina uppljusande och anti-aging egenskaper. Det verkar genom att h\u00e4mma melaninproduktionen och g\u00f6ra huden ljusare inifr\u00e5n (Pullar et. al., 2017). Resultaten fr\u00e5n studien av Bissett et al (2004) visade en signifikant f\u00f6rb\u00e4ttring av hudpigmenteringen med niacinamid. Melanin\u00f6verf\u00f6ringen minskade med 35 till 68 procent.<\/p>\n\n\n\n<figure class=\"wp-block-image alignfull size-full\"><img loading=\"lazy\" decoding=\"async\" width=\"1900\" height=\"840\" src=\"https:\/\/avush.com\/wp-content\/uploads\/2023\/07\/Pigmentflecken-entfernen.jpg\" alt=\"Borttagning av \u00e5ldersfl\u00e4ckar\" class=\"wp-image-399\" srcset=\"https:\/\/avush.com\/wp-content\/uploads\/2023\/07\/Pigmentflecken-entfernen.jpg 1900w, https:\/\/avush.com\/wp-content\/uploads\/2023\/07\/Pigmentflecken-entfernen-300x133.jpg 300w, https:\/\/avush.com\/wp-content\/uploads\/2023\/07\/Pigmentflecken-entfernen-1024x453.jpg 1024w, https:\/\/avush.com\/wp-content\/uploads\/2023\/07\/Pigmentflecken-entfernen-768x340.jpg 768w, https:\/\/avush.com\/wp-content\/uploads\/2023\/07\/Pigmentflecken-entfernen-1536x679.jpg 1536w, https:\/\/avush.com\/wp-content\/uploads\/2023\/07\/Pigmentflecken-entfernen-600x265.jpg 600w\" sizes=\"auto, (max-width: 1900px) 100vw, 1900px\" \/><\/figure>\n\n\n\n<h2 class=\"wp-block-heading has-text-color\" style=\"color:#4d617e\">Innovativa tillverkningstekniker f\u00f6r avancerad hudv\u00e5rd <\/h2>\n\n\n\n<p class=\"has-text-color\" style=\"color:#4d617e\"><strong><strong>Fermentering och liposomal produktionsteknik<\/strong>:<\/strong> Vi tror att innovation \u00e4r nyckeln till exceptionell hudv\u00e5rd. D\u00e4rf\u00f6r anv\u00e4nder vi avancerade tillverkningstekniker som fermentering och liposomal tillverkning f\u00f6r att maximera v\u00e5ra produkters effektivitet.<\/p>\n\n\n\n<p class=\"has-text-color\" style=\"color:#4d617e\">Fermentering omvandlar v\u00e5ra h\u00f6gkvalitativa ingredienser till mindre, h\u00f6gabsorberande molekyler som l\u00e4tt tas upp av huden. Denna process f\u00f6rb\u00e4ttrar inte bara effekten av v\u00e5ra formuleringar, utan \u00f6kar ocks\u00e5 deras biotillg\u00e4nglighet, vilket i slut\u00e4ndan leder till f\u00f6rb\u00e4ttrade resultat.<\/p>\n\n\n\n<p>I v\u00e5r liposomalproduktion anv\u00e4nder vi sm\u00e5, sf\u00e4riska vesiklar, s\u00e5 kallade liposomer, som fungerar som ett transportmedium f\u00f6r v\u00e5ra aktiva ingredienser. De m\u00f6jligg\u00f6r riktad tillf\u00f6rsel av de aktiva ingredienserna till de djupare hudlagren, exakt d\u00e4r pigmentfl\u00e4ckarna uppst\u00e5r. P\u00e5 s\u00e5 s\u00e4tt kan vi s\u00e4kerst\u00e4lla en intensiv och exakt behandling av de drabbade hudomr\u00e5dena.<\/p>\n\n\n\n<p>Till skillnad fr\u00e5n konventionella produkter som bygger p\u00e5 traditionella tillverkningsmetoder f\u00f6rlitar vi oss p\u00e5 innovativ teknik som ger \u00f6verl\u00e4gsen v\u00e5rd och synlig f\u00f6rb\u00e4ttring av \u00e5ldersfl\u00e4ckar och pigmentering.<\/p>\n\n\n\n<figure class=\"wp-block-image size-full\"><img loading=\"lazy\" decoding=\"async\" width=\"2000\" height=\"900\" src=\"https:\/\/avush.com\/wp-content\/uploads\/2023\/06\/Pigmentflecken-1.jpg\" alt=\"Pigmentfl\u00e4ckar\" class=\"wp-image-344\" srcset=\"https:\/\/avush.com\/wp-content\/uploads\/2023\/06\/Pigmentflecken-1.jpg 2000w, https:\/\/avush.com\/wp-content\/uploads\/2023\/06\/Pigmentflecken-1-300x135.jpg 300w, https:\/\/avush.com\/wp-content\/uploads\/2023\/06\/Pigmentflecken-1-1024x461.jpg 1024w, https:\/\/avush.com\/wp-content\/uploads\/2023\/06\/Pigmentflecken-1-768x346.jpg 768w, https:\/\/avush.com\/wp-content\/uploads\/2023\/06\/Pigmentflecken-1-1536x691.jpg 1536w, https:\/\/avush.com\/wp-content\/uploads\/2023\/06\/Pigmentflecken-1-600x270.jpg 600w\" sizes=\"auto, (max-width: 2000px) 100vw, 2000px\" \/><\/figure>\n\n\n\n<h2 class=\"wp-block-heading\">Orsaker och l\u00f6sningar f\u00f6r Pigmentfl\u00e4ckar &amp; \u00c5ldersfl\u00e4ckar<\/h2>\n\n\n\n<p class=\"has-text-color\" style=\"color:#4d617e\">Pigmentfl\u00e4ckar och \u00e5ldersfl\u00e4ckar \u00e4r resultatet av \u00f6verdriven melaninproduktion i huden. Melanin \u00e4r det pigment som ger v\u00e5r hud dess f\u00e4rg. N\u00e4r vissa hudceller, s\u00e5 kallade melanocyter, producerar f\u00f6r mycket av detta pigment kan fl\u00e4ckar uppst\u00e5 p\u00e5 huden.<\/p>\n\n\n\n<p>Olika faktorer kan utl\u00f6sa denna process. De vanligaste orsakerna \u00e4r UV-str\u00e5lning, hormonella f\u00f6r\u00e4ndringar, t.ex. under graviditet eller p\u00e5 grund av vissa mediciner, och den naturliga \u00e5ldringsprocessen. F\u00f6rebyggande \u00e5tg\u00e4rder som solskydd kan bidra till att minska utvecklingen av pigmentfl\u00e4ckar. Men vad ska man g\u00f6ra n\u00e4r de har blivit synliga?<\/p>\n\n\n\n<p>Det \u00e4r h\u00e4r v\u00e5ra produkter kommer in i bilden: Vi kombinerar vetenskapligt baserade ingredienser som alfa-arbutin med en kraftfull koncentration av 5%, lakritsrotextrakt, sandlilja, C-vitamin och mer f\u00f6r att erbjuda en effektiv l\u00f6sning p\u00e5 pigmentfl\u00e4ckar. Dessa ingredienser har visat sig vara effektiva i kliniska studier.<\/p>\n\n\n\n<p>Dessutom anv\u00e4nder vi innovativa tekniker f\u00f6r att maximera v\u00e5ra produkters effektivitet. Med tekniker som fermentering och liposomal tillverkning s\u00e4kerst\u00e4ller vi att de aktiva ingredienserna effektivt kan tr\u00e4nga in i huden.<\/p>\n\n\n\n<div class=\"wp-block-cover alignfull\" style=\"min-height:489px;aspect-ratio:unset;\"><span aria-hidden=\"true\" class=\"wp-block-cover__background has-background-dim-100 has-background-dim\" style=\"background-color:#3168f3\"><\/span><div class=\"wp-block-cover__inner-container is-layout-flow wp-block-cover-is-layout-flow\">\n<h2 class=\"wp-block-heading has-text-align-center has-white-color has-text-color\">Avush Serum mot Pigmentfl\u00e4ckar<\/h2>\n\n\n\n<p class=\"has-text-align-center has-white-color has-text-color\">F\u00f6r kvinnor och m\u00e4n <br>Leveranstid: 3-4 dagar<\/p>\n\n\n\n<div class=\"wp-block-buttons is-horizontal is-content-justification-center is-layout-flex wp-container-core-buttons-is-layout-03627597 wp-block-buttons-is-layout-flex\">\n<div class=\"wp-block-button\"><a class=\"wp-block-button__link has-white-background-color has-text-color has-background wp-element-button\" href=\"https:\/\/avush.com\/sv\/produkter\/\" style=\"color:#3168f3\">K\u00f6p &gt;<\/a><\/div>\n<\/div>\n<\/div><\/div>\n\n\n\n<div style=\"height:90px\" aria-hidden=\"true\" class=\"wp-block-spacer\"><\/div>\n\n\n\n<h2 class=\"wp-block-heading\">Nya bidrag<\/h2>\n\n\n\n\t\t\t<div class=\"wp-block-uagb-post-grid uagb-post-grid  uagb-post__image-position-top uagb-post__image-enabled uagb-block-4fc685a2     uagb-post__items uagb-post__columns-3 is-grid uagb-post__columns-tablet-2 uagb-post__columns-mobile-1 uagb-post__equal-height\" data-total=\"1\" style=\"\">\n\n\t\t\t\t\t\t\t\t\t\t\t\t<article class=\"uagb-post__inner-wrap\">\t\t\t\t\t\t\t\t<div class='uagb-post__image'>\n\t\t\t\t\t\t\t\t\t<a href=\"https:\/\/avush.com\/sv\/aldersflaeckar-sol\/\" target=\"_self\" rel=\"bookmark noopener noreferrer\" class='uagb-image-ratio-inherit'><img loading=\"lazy\" decoding=\"async\" width=\"1024\" height=\"680\" src=\"https:\/\/avush.com\/wp-content\/uploads\/2023\/06\/Altersflecken-Sonne-1024x680.jpg\" class=\"attachment-large size-large\" alt=\"\u00c5ldersfl\u00e4ckar sol\" srcset=\"https:\/\/avush.com\/wp-content\/uploads\/2023\/06\/Altersflecken-Sonne-1024x680.jpg 1024w, https:\/\/avush.com\/wp-content\/uploads\/2023\/06\/Altersflecken-Sonne-300x199.jpg 300w, https:\/\/avush.com\/wp-content\/uploads\/2023\/06\/Altersflecken-Sonne-768x510.jpg 768w, https:\/\/avush.com\/wp-content\/uploads\/2023\/06\/Altersflecken-Sonne-600x398.jpg 600w, https:\/\/avush.com\/wp-content\/uploads\/2023\/06\/Altersflecken-Sonne.jpg 1274w\" sizes=\"auto, (max-width: 1024px) 100vw, 1024px\" \/>\t\t\t\t\t<\/a>\n\t\t\t\t\t\t\t<\/div>\n\t\t\t\t\t\t<h4 class=\"uagb-post__title uagb-post__text\">\n\t\t\t\t<a href=\"https:\/\/avush.com\/sv\/aldersflaeckar-sol\/\" target=\"_self\" rel=\"bookmark noopener noreferrer\">\u00c5ldersfl\u00e4ckar och solexponering: Varf\u00f6r solskydd \u00e4r s\u00e5 viktigt<\/a>\n\t\t\t<\/h4>\n\t\t\t\t\t\t<div class='uagb-post__text uagb-post-grid-byline'>\n\t\t\t\t\t\t\t<\/div>\n\t\t\t\n\t\t\t\t\t\t\t\t\t<\/article>\n\t\t\t\t\t\t\t\t\t\t\t\t\t\t\t\t<article class=\"uagb-post__inner-wrap\">\t\t\t\t\t\t\t\t<div class='uagb-post__image'>\n\t\t\t\t\t\t\t\t\t<a href=\"https:\/\/avush.com\/sv\/aldersflaeckar-maen\/\" target=\"_self\" rel=\"bookmark noopener noreferrer\" class='uagb-image-ratio-inherit'><img loading=\"lazy\" decoding=\"async\" width=\"1024\" height=\"680\" src=\"https:\/\/avush.com\/wp-content\/uploads\/2023\/06\/Altersflecken-Maenner-1024x680.jpg\" class=\"attachment-large size-large\" alt=\"\u00c5ldersfl\u00e4ckar m\u00e4n\" srcset=\"https:\/\/avush.com\/wp-content\/uploads\/2023\/06\/Altersflecken-Maenner-1024x680.jpg 1024w, https:\/\/avush.com\/wp-content\/uploads\/2023\/06\/Altersflecken-Maenner-300x199.jpg 300w, https:\/\/avush.com\/wp-content\/uploads\/2023\/06\/Altersflecken-Maenner-768x510.jpg 768w, https:\/\/avush.com\/wp-content\/uploads\/2023\/06\/Altersflecken-Maenner-600x398.jpg 600w, https:\/\/avush.com\/wp-content\/uploads\/2023\/06\/Altersflecken-Maenner.jpg 1274w\" sizes=\"auto, (max-width: 1024px) 100vw, 1024px\" \/>\t\t\t\t\t<\/a>\n\t\t\t\t\t\t\t<\/div>\n\t\t\t\t\t\t<h4 class=\"uagb-post__title uagb-post__text\">\n\t\t\t\t<a href=\"https:\/\/avush.com\/sv\/aldersflaeckar-maen\/\" target=\"_self\" rel=\"bookmark noopener noreferrer\">\u00c5ldersfl\u00e4ckar hos m\u00e4n: Vanliga problem och l\u00f6sningar<\/a>\n\t\t\t<\/h4>\n\t\t\t\t\t\t<div class='uagb-post__text uagb-post-grid-byline'>\n\t\t\t\t\t\t\t<\/div>\n\t\t\t\n\t\t\t\t\t\t\t\t\t<\/article>\n\t\t\t\t\t\t\t\t\t\t\t\t\t\t\t\t<article class=\"uagb-post__inner-wrap\">\t\t\t\t\t\t\t\t<div class='uagb-post__image'>\n\t\t\t\t\t\t\t\t\t<a href=\"https:\/\/avush.com\/sv\/aldersflaeckar\/\" target=\"_self\" rel=\"bookmark noopener noreferrer\" class='uagb-image-ratio-inherit'><img loading=\"lazy\" decoding=\"async\" width=\"1024\" height=\"680\" src=\"https:\/\/avush.com\/wp-content\/uploads\/2023\/06\/Altersflecken-01-1024x680.jpg\" class=\"attachment-large size-large\" alt=\"\u00c5ldersfl\u00e4ckar\" srcset=\"https:\/\/avush.com\/wp-content\/uploads\/2023\/06\/Altersflecken-01-1024x680.jpg 1024w, https:\/\/avush.com\/wp-content\/uploads\/2023\/06\/Altersflecken-01-300x199.jpg 300w, https:\/\/avush.com\/wp-content\/uploads\/2023\/06\/Altersflecken-01-768x510.jpg 768w, https:\/\/avush.com\/wp-content\/uploads\/2023\/06\/Altersflecken-01-600x398.jpg 600w, https:\/\/avush.com\/wp-content\/uploads\/2023\/06\/Altersflecken-01.jpg 1274w\" sizes=\"auto, (max-width: 1024px) 100vw, 1024px\" \/>\t\t\t\t\t<\/a>\n\t\t\t\t\t\t\t<\/div>\n\t\t\t\t\t\t<h4 class=\"uagb-post__title uagb-post__text\">\n\t\t\t\t<a href=\"https:\/\/avush.com\/sv\/aldersflaeckar\/\" target=\"_self\" rel=\"bookmark noopener noreferrer\">\u00c5ldersfl\u00e4ckar: Vad \u00e4r de och hur utvecklas de?<\/a>\n\t\t\t<\/h4>\n\t\t\t\t\t\t<div class='uagb-post__text uagb-post-grid-byline'>\n\t\t\t\t\t\t\t<\/div>\n\t\t\t\n\t\t\t\t\t\t\t\t\t<\/article>\n\t\t\t\t\t\t\t\t\t\t\t\t\t\t\t\t<article class=\"uagb-post__inner-wrap\">\t\t\t\t\t\t\t\t<div class='uagb-post__image'>\n\t\t\t\t\t\t\t\t\t<a href=\"https:\/\/avush.com\/sv\/huskur-mot-pigmentflaeckar\/\" target=\"_self\" rel=\"bookmark noopener noreferrer\" class='uagb-image-ratio-inherit'><img loading=\"lazy\" decoding=\"async\" width=\"1024\" height=\"680\" src=\"https:\/\/avush.com\/wp-content\/uploads\/2023\/06\/Hausmittel-Pigmentflecken-1024x680.jpg\" class=\"attachment-large size-large\" alt=\"Huskur mot pigmentfl\u00e4ckar\" srcset=\"https:\/\/avush.com\/wp-content\/uploads\/2023\/06\/Hausmittel-Pigmentflecken-1024x680.jpg 1024w, https:\/\/avush.com\/wp-content\/uploads\/2023\/06\/Hausmittel-Pigmentflecken-300x199.jpg 300w, https:\/\/avush.com\/wp-content\/uploads\/2023\/06\/Hausmittel-Pigmentflecken-768x510.jpg 768w, https:\/\/avush.com\/wp-content\/uploads\/2023\/06\/Hausmittel-Pigmentflecken-600x398.jpg 600w, https:\/\/avush.com\/wp-content\/uploads\/2023\/06\/Hausmittel-Pigmentflecken.jpg 1274w\" sizes=\"auto, (max-width: 1024px) 100vw, 1024px\" \/>\t\t\t\t\t<\/a>\n\t\t\t\t\t\t\t<\/div>\n\t\t\t\t\t\t<h4 class=\"uagb-post__title uagb-post__text\">\n\t\t\t\t<a href=\"https:\/\/avush.com\/sv\/huskur-mot-pigmentflaeckar\/\" target=\"_self\" rel=\"bookmark noopener noreferrer\">Naturliga produkter f\u00f6r effektiv behandling av Pigmentfl\u00e4ckar<\/a>\n\t\t\t<\/h4>\n\t\t\t\t\t\t<div class='uagb-post__text uagb-post-grid-byline'>\n\t\t\t\t\t\t\t<\/div>\n\t\t\t\n\t\t\t\t\t\t\t\t\t<\/article>\n\t\t\t\t\t\t\t\t\t\t\t\t\t\t\t\t<article class=\"uagb-post__inner-wrap\">\t\t\t\t\t\t\t\t<div class='uagb-post__image'>\n\t\t\t\t\t\t\t\t\t<a href=\"https:\/\/avush.com\/sv\/typer-av-pigmentflaeckar\/\" target=\"_self\" rel=\"bookmark noopener noreferrer\" class='uagb-image-ratio-inherit'><img loading=\"lazy\" decoding=\"async\" width=\"1024\" height=\"680\" src=\"https:\/\/avush.com\/wp-content\/uploads\/2023\/06\/Pigmentflecken-Arten-1024x680.jpg\" class=\"attachment-large size-large\" alt=\"Typer av pigmentfl\u00e4ckar\" srcset=\"https:\/\/avush.com\/wp-content\/uploads\/2023\/06\/Pigmentflecken-Arten-1024x680.jpg 1024w, https:\/\/avush.com\/wp-content\/uploads\/2023\/06\/Pigmentflecken-Arten-300x199.jpg 300w, https:\/\/avush.com\/wp-content\/uploads\/2023\/06\/Pigmentflecken-Arten-768x510.jpg 768w, https:\/\/avush.com\/wp-content\/uploads\/2023\/06\/Pigmentflecken-Arten-600x398.jpg 600w, https:\/\/avush.com\/wp-content\/uploads\/2023\/06\/Pigmentflecken-Arten.jpg 1274w\" sizes=\"auto, (max-width: 1024px) 100vw, 1024px\" \/>\t\t\t\t\t<\/a>\n\t\t\t\t\t\t\t<\/div>\n\t\t\t\t\t\t<h4 class=\"uagb-post__title uagb-post__text\">\n\t\t\t\t<a href=\"https:\/\/avush.com\/sv\/typer-av-pigmentflaeckar\/\" target=\"_self\" rel=\"bookmark noopener noreferrer\">De olika typerna av Pigmentfl\u00e4ckar och deras orsaker<\/a>\n\t\t\t<\/h4>\n\t\t\t\t\t\t<div class='uagb-post__text uagb-post-grid-byline'>\n\t\t\t\t\t\t\t<\/div>\n\t\t\t\n\t\t\t\t\t\t\t\t\t<\/article>\n\t\t\t\t\t\t\t\t\t\t\t<\/div>\n\t\t\t\n\n\n<div style=\"height:45px\" aria-hidden=\"true\" class=\"wp-block-spacer\"><\/div>","protected":false},"excerpt":{"rendered":"<p>Pigmentflecken &amp;Altersflecken entfernen Serum gegen Pigmentflecken &amp; Altersflecken f\u00fcr Gesicht und K\u00f6rper &#8211; ohne Hydrochinon und Kojis\u00e4ure Von Dermatest in Deutschland mit Bestnote im dermatologischen Test bewertet. Pigmentflecken Serum Test [&hellip;]<\/p>","protected":false},"author":1,"featured_media":0,"parent":0,"menu_order":0,"comment_status":"closed","ping_status":"closed","template":"","meta":{"_uag_custom_page_level_css":"","advgb_blocks_editor_width":"","advgb_blocks_columns_visual_guide":"","site-sidebar-layout":"default","site-content-layout":"default","ast-site-content-layout":"default","site-content-style":"default","site-sidebar-style":"default","ast-global-header-display":"","ast-banner-title-visibility":"","ast-main-header-display":"","ast-hfb-above-header-display":"","ast-hfb-below-header-display":"","ast-hfb-mobile-header-display":"","site-post-title":"disabled","ast-breadcrumbs-content":"","ast-featured-img":"","footer-sml-layout":"","ast-disable-related-posts":"","theme-transparent-header-meta":"default","adv-header-id-meta":"","stick-header-meta":"default","header-above-stick-meta":"","header-main-stick-meta":"","header-below-stick-meta":"","astra-migrate-meta-layouts":"set","ast-page-background-enabled":"default","ast-page-background-meta":{"desktop":{"background-color":"","background-image":"","background-repeat":"repeat","background-position":"center center","background-size":"auto","background-attachment":"scroll","background-type":"","background-media":"","overlay-type":"","overlay-color":"","overlay-opacity":"","overlay-gradient":""},"tablet":{"background-color":"","background-image":"","background-repeat":"repeat","background-position":"center center","background-size":"auto","background-attachment":"scroll","background-type":"","background-media":"","overlay-type":"","overlay-color":"","overlay-opacity":"","overlay-gradient":""},"mobile":{"background-color":"","background-image":"","background-repeat":"repeat","background-position":"center center","background-size":"auto","background-attachment":"scroll","background-type":"","background-media":"","overlay-type":"","overlay-color":"","overlay-opacity":"","overlay-gradient":""}},"ast-content-background-meta":{"desktop":{"background-color":"var(--ast-global-color-5)","background-image":"","background-repeat":"repeat","background-position":"center center","background-size":"auto","background-attachment":"scroll","background-type":"","background-media":"","overlay-type":"","overlay-color":"","overlay-opacity":"","overlay-gradient":""},"tablet":{"background-color":"var(--ast-global-color-5)","background-image":"","background-repeat":"repeat","background-position":"center center","background-size":"auto","background-attachment":"scroll","background-type":"","background-media":"","overlay-type":"","overlay-color":"","overlay-opacity":"","overlay-gradient":""},"mobile":{"background-color":"var(--ast-global-color-5)","background-image":"","background-repeat":"repeat","background-position":"center center","background-size":"auto","background-attachment":"scroll","background-type":"","background-media":"","overlay-type":"","overlay-color":"","overlay-opacity":"","overlay-gradient":""}},"footnotes":""},"class_list":["post-42","page","type-page","status-publish","hentry"],"yoast_head":"<!-- This site is optimized with the Yoast SEO Premium plugin v26.6 (Yoast SEO v26.6) - https:\/\/yoast.com\/wordpress\/plugins\/seo\/ -->\n<title>Avush - Pigmentflecken &amp; Altersflecken Serum ohne Hormone!<\/title>\n<meta name=\"description\" content=\"Avush - Pigmentflecken und Altersflecken entfernen f\u00fcr Frauen und M\u00e4nner. Das Pigmentflecken Serum Avush ohne Hormone!\" \/>\n<meta name=\"robots\" content=\"index, follow, max-snippet:-1, max-image-preview:large, max-video-preview:-1\" \/>\n<link rel=\"canonical\" href=\"https:\/\/avush.com\/sv\/\" \/>\n<meta property=\"og:locale\" content=\"sv_SE\" \/>\n<meta property=\"og:type\" content=\"article\" \/>\n<meta property=\"og:title\" content=\"Avush\" \/>\n<meta property=\"og:description\" content=\"Avush - Pigmentflecken und Altersflecken entfernen f\u00fcr Frauen und M\u00e4nner. Das Pigmentflecken Serum Avush ohne Hormone!\" \/>\n<meta property=\"og:url\" content=\"https:\/\/avush.com\/sv\/\" \/>\n<meta property=\"og:site_name\" content=\"Avush\" \/>\n<meta property=\"article:modified_time\" content=\"2026-01-01T12:48:14+00:00\" \/>\n<meta property=\"og:image\" content=\"https:\/\/avush.com\/wp-content\/uploads\/2021\/09\/Lo-2.jpg\" \/>\n\t<meta property=\"og:image:width\" content=\"941\" \/>\n\t<meta property=\"og:image:height\" content=\"83\" \/>\n\t<meta property=\"og:image:type\" content=\"image\/jpeg\" \/>\n<meta name=\"twitter:card\" content=\"summary_large_image\" \/>\n<meta name=\"twitter:label1\" content=\"Ber\u00e4knad l\u00e4stid\" \/>\n\t<meta name=\"twitter:data1\" content=\"8 minuter\" \/>\n<script type=\"application\/ld+json\" class=\"yoast-schema-graph\">{\"@context\":\"https:\/\/schema.org\",\"@graph\":[{\"@type\":\"WebPage\",\"@id\":\"https:\/\/avush.com\/\",\"url\":\"https:\/\/avush.com\/\",\"name\":\"Avush - Pigmentflecken & Altersflecken Serum ohne Hormone!\",\"isPartOf\":{\"@id\":\"https:\/\/avush.com\/de\/#website\"},\"primaryImageOfPage\":{\"@id\":\"https:\/\/avush.com\/#primaryimage\"},\"image\":{\"@id\":\"https:\/\/avush.com\/#primaryimage\"},\"thumbnailUrl\":\"http:\/\/lazran.com\/wp-content\/uploads\/2021\/09\/Lo-2.jpg\",\"datePublished\":\"2021-09-27T08:12:25+00:00\",\"dateModified\":\"2026-01-01T12:48:14+00:00\",\"description\":\"Avush - Pigmentflecken und Altersflecken entfernen f\u00fcr Frauen und M\u00e4nner. Das Pigmentflecken Serum Avush ohne Hormone!\",\"breadcrumb\":{\"@id\":\"https:\/\/avush.com\/#breadcrumb\"},\"inLanguage\":\"sv-SE\",\"potentialAction\":[{\"@type\":\"ReadAction\",\"target\":[\"https:\/\/avush.com\/\"]}]},{\"@type\":\"ImageObject\",\"inLanguage\":\"sv-SE\",\"@id\":\"https:\/\/avush.com\/#primaryimage\",\"url\":\"http:\/\/lazran.com\/wp-content\/uploads\/2021\/09\/Lo-2.jpg\",\"contentUrl\":\"http:\/\/lazran.com\/wp-content\/uploads\/2021\/09\/Lo-2.jpg\"},{\"@type\":\"BreadcrumbList\",\"@id\":\"https:\/\/avush.com\/#breadcrumb\",\"itemListElement\":[{\"@type\":\"ListItem\",\"position\":1,\"name\":\"Home\",\"item\":\"https:\/\/avush.com\/\"},{\"@type\":\"ListItem\",\"position\":2,\"name\":\"Avush\"}]},{\"@type\":\"WebSite\",\"@id\":\"https:\/\/avush.com\/de\/#website\",\"url\":\"https:\/\/avush.com\/de\/\",\"name\":\"Avush\",\"description\":\"Pigmentflecken &amp; Altersflecken Serum\",\"publisher\":{\"@id\":\"https:\/\/avush.com\/de\/#organization\"},\"potentialAction\":[{\"@type\":\"SearchAction\",\"target\":{\"@type\":\"EntryPoint\",\"urlTemplate\":\"https:\/\/avush.com\/de\/?s={search_term_string}\"},\"query-input\":{\"@type\":\"PropertyValueSpecification\",\"valueRequired\":true,\"valueName\":\"search_term_string\"}}],\"inLanguage\":\"sv-SE\"},{\"@type\":\"Organization\",\"@id\":\"https:\/\/avush.com\/de\/#organization\",\"name\":\"Avush\",\"url\":\"https:\/\/avush.com\/de\/\",\"logo\":{\"@type\":\"ImageObject\",\"inLanguage\":\"sv-SE\",\"@id\":\"https:\/\/avush.com\/de\/#\/schema\/logo\/image\/\",\"url\":\"https:\/\/avush.com\/wp-content\/uploads\/2023\/07\/cropped-Avush-Logo-1.png\",\"contentUrl\":\"https:\/\/avush.com\/wp-content\/uploads\/2023\/07\/cropped-Avush-Logo-1.png\",\"width\":200,\"height\":74,\"caption\":\"Avush\"},\"image\":{\"@id\":\"https:\/\/avush.com\/de\/#\/schema\/logo\/image\/\"}}]}<\/script>\n<!-- \/ Yoast SEO Premium plugin. -->","yoast_head_json":{"title":"Avush - Serum mot Pigmentfl\u00e4ckar &amp; \u00c5ldersfl\u00e4ckar utan hormoner!","description":"Avush - Serum mot Pigmentfl\u00e4ckar f\u00f6r kvinnor och m\u00e4n. Ta bort Pigmentfl\u00e4ckar &amp; \u00c5ldersfl\u00e4ckar utan hormoner!","robots":{"index":"index","follow":"follow","max-snippet":"max-snippet:-1","max-image-preview":"max-image-preview:large","max-video-preview":"max-video-preview:-1"},"canonical":"https:\/\/avush.com\/sv\/","og_locale":"sv_SE","og_type":"article","og_title":"Avush","og_description":"Avush - Pigmentflecken und Altersflecken entfernen f\u00fcr Frauen und M\u00e4nner. Das Pigmentflecken Serum Avush ohne Hormone!","og_url":"https:\/\/avush.com\/sv\/","og_site_name":"Avush","article_modified_time":"2026-01-01T12:48:14+00:00","og_image":[{"width":941,"height":83,"url":"https:\/\/avush.com\/wp-content\/uploads\/2021\/09\/Lo-2.jpg","type":"image\/jpeg"}],"twitter_card":"summary_large_image","twitter_misc":{"Ber\u00e4knad l\u00e4stid":"8 minuter"},"schema":{"@context":"https:\/\/schema.org","@graph":[{"@type":"WebPage","@id":"https:\/\/avush.com\/","url":"https:\/\/avush.com\/","name":"Avush - Serum mot Pigmentfl\u00e4ckar &amp; \u00c5ldersfl\u00e4ckar utan hormoner!","isPartOf":{"@id":"https:\/\/avush.com\/de\/#website"},"primaryImageOfPage":{"@id":"https:\/\/avush.com\/#primaryimage"},"image":{"@id":"https:\/\/avush.com\/#primaryimage"},"thumbnailUrl":"http:\/\/lazran.com\/wp-content\/uploads\/2021\/09\/Lo-2.jpg","datePublished":"2021-09-27T08:12:25+00:00","dateModified":"2026-01-01T12:48:14+00:00","description":"Avush - Serum mot Pigmentfl\u00e4ckar f\u00f6r kvinnor och m\u00e4n. Ta bort Pigmentfl\u00e4ckar &amp; \u00c5ldersfl\u00e4ckar utan hormoner!","breadcrumb":{"@id":"https:\/\/avush.com\/#breadcrumb"},"inLanguage":"sv-SE","potentialAction":[{"@type":"ReadAction","target":["https:\/\/avush.com\/"]}]},{"@type":"ImageObject","inLanguage":"sv-SE","@id":"https:\/\/avush.com\/#primaryimage","url":"http:\/\/lazran.com\/wp-content\/uploads\/2021\/09\/Lo-2.jpg","contentUrl":"http:\/\/lazran.com\/wp-content\/uploads\/2021\/09\/Lo-2.jpg"},{"@type":"BreadcrumbList","@id":"https:\/\/avush.com\/#breadcrumb","itemListElement":[{"@type":"ListItem","position":1,"name":"Home","item":"https:\/\/avush.com\/"},{"@type":"ListItem","position":2,"name":"Avush"}]},{"@type":"WebSite","@id":"https:\/\/avush.com\/de\/#website","url":"https:\/\/avush.com\/de\/","name":"Avush","description":"Serum mot pigmentfl\u00e4ckar och \u00e5ldersfl\u00e4ckar","publisher":{"@id":"https:\/\/avush.com\/de\/#organization"},"potentialAction":[{"@type":"SearchAction","target":{"@type":"EntryPoint","urlTemplate":"https:\/\/avush.com\/de\/?s={search_term_string}"},"query-input":{"@type":"PropertyValueSpecification","valueRequired":true,"valueName":"search_term_string"}}],"inLanguage":"sv-SE"},{"@type":"Organization","@id":"https:\/\/avush.com\/de\/#organization","name":"Avush","url":"https:\/\/avush.com\/de\/","logo":{"@type":"ImageObject","inLanguage":"sv-SE","@id":"https:\/\/avush.com\/de\/#\/schema\/logo\/image\/","url":"https:\/\/avush.com\/wp-content\/uploads\/2023\/07\/cropped-Avush-Logo-1.png","contentUrl":"https:\/\/avush.com\/wp-content\/uploads\/2023\/07\/cropped-Avush-Logo-1.png","width":200,"height":74,"caption":"Avush"},"image":{"@id":"https:\/\/avush.com\/de\/#\/schema\/logo\/image\/"}}]}},"uagb_featured_image_src":{"full":false,"thumbnail":false,"medium":false,"medium_large":false,"large":false,"1536x1536":false,"2048x2048":false,"trp-custom-language-flag":false,"woocommerce_thumbnail":false,"woocommerce_single":false,"woocommerce_gallery_thumbnail":false},"uagb_author_info":{"display_name":"Kerem085","author_link":"https:\/\/avush.com\/sv\/author\/kerem085\/"},"uagb_comment_info":0,"uagb_excerpt":"Pigmentflecken &amp;Altersflecken entfernen Serum gegen Pigmentflecken &amp; Altersflecken f\u00fcr Gesicht und K\u00f6rper &#8211; ohne Hydrochinon und Kojis\u00e4ure Von Dermatest in Deutschland mit Bestnote im dermatologischen Test bewertet. Pigmentflecken Serum Test [&hellip;]","coauthors":[],"author_meta":{"author_link":"https:\/\/avush.com\/sv\/author\/kerem085\/","display_name":"Kerem085"},"relative_dates":{"created":"Publicerad 5 \u00e5r sedan","modified":"Uppdaterad 4 m\u00e5nader sedan"},"absolute_dates":{"created":"Publicerat den september 27, 2021","modified":"Uppdaterad den januari 1, 2026"},"absolute_dates_time":{"created":"Publicerat den september 27, 2021 8:12 f m","modified":"Uppdaterad den januari 1, 2026 1:48 e m"},"featured_img_caption":"","featured_img":false,"series_order":"","_links":{"self":[{"href":"https:\/\/avush.com\/sv\/wp-json\/wp\/v2\/pages\/42","targetHints":{"allow":["GET"]}}],"collection":[{"href":"https:\/\/avush.com\/sv\/wp-json\/wp\/v2\/pages"}],"about":[{"href":"https:\/\/avush.com\/sv\/wp-json\/wp\/v2\/types\/page"}],"author":[{"embeddable":true,"href":"https:\/\/avush.com\/sv\/wp-json\/wp\/v2\/users\/1"}],"replies":[{"embeddable":true,"href":"https:\/\/avush.com\/sv\/wp-json\/wp\/v2\/comments?post=42"}],"version-history":[{"count":149,"href":"https:\/\/avush.com\/sv\/wp-json\/wp\/v2\/pages\/42\/revisions"}],"predecessor-version":[{"id":21772,"href":"https:\/\/avush.com\/sv\/wp-json\/wp\/v2\/pages\/42\/revisions\/21772"}],"wp:attachment":[{"href":"https:\/\/avush.com\/sv\/wp-json\/wp\/v2\/media?parent=42"}],"curies":[{"name":"wp","href":"https:\/\/api.w.org\/{rel}","templated":true}]}}